{"id":8671,"date":"2025-01-15T14:56:14","date_gmt":"2025-01-15T14:56:14","guid":{"rendered":"https:\/\/www.aersp.pt\/portal\/?page_id=8671"},"modified":"2026-03-31T16:44:29","modified_gmt":"2026-03-31T16:44:29","slug":"bem-vindos","status":"publish","type":"page","link":"https:\/\/www.aersp.pt\/portal\/","title":{"rendered":"Bem &#8211; Vindos !"},"content":{"rendered":"\n<div class=\"wp-block-group alignfull\"><div class=\"wp-block-group__inner-container is-layout-constrained wp-block-group-is-layout-constrained\">\n<div class=\"wp-block-stackable-columns stk-block-columns stk-block stk-245e6fe\" data-block-id=\"245e6fe\"><div class=\"stk-row stk-inner-blocks stk-block-content stk-content-align stk-245e6fe-column\">\n<div class=\"wp-block-stackable-column stk-block-column stk-column stk-block stk-679cee5\" data-v=\"4\" data-block-id=\"679cee5\"><style>.stk-679cee5-container{margin-top:0px !important;margin-right:auto !important;margin-bottom:0px !important;margin-left:auto !important;max-width:1500px !important;min-width:auto !important;}.stk-679cee5 {align-self:center !important;}.stk-679cee5-inner-blocks{justify-content:flex-start !important;}<\/style><div class=\"stk-column-wrapper stk-block-column__content stk-container stk-679cee5-container stk--no-background stk--no-padding\"><div class=\"has-text-align-center stk--column-flex stk-block-content stk-inner-blocks stk-679cee5-inner-blocks\">\n<div id=\"wp-block-themeisle-blocks-advanced-columns-29c9ec04\" class=\"wp-block-themeisle-blocks-advanced-columns alignfull has-6-columns has-desktop-equal-layout has-tablet-equal-layout has-mobile-collapsedRows-layout has-vertical-center\"><div class=\"wp-block-themeisle-blocks-advanced-columns-overlay\"><\/div><div class=\"innerblocks-wrap\">\n<div id=\"wp-block-themeisle-blocks-advanced-column-0c1c72c3\" class=\"wp-block-themeisle-blocks-advanced-column\"><div class=\"wp-block-image animated backInDown\">\n<figure class=\"aligncenter size-full is-resized has-custom-border\"><a href=\"https:\/\/aersp.inovarmais.com\/alunos\/\"><img decoding=\"async\" width=\"229\" height=\"45\" src=\"https:\/\/www.aersp.pt\/portal\/wp-content\/uploads\/2022\/11\/inovarAlunos.png\" alt=\"\" class=\"wp-image-5802\" style=\"border-style:none;border-width:0px;border-radius:0px;width:137px;height:auto\"\/><\/a><\/figure><\/div><\/div>\n\n\n\n<div id=\"wp-block-themeisle-blocks-advanced-column-28d7c423\" class=\"wp-block-themeisle-blocks-advanced-column\"><div class=\"wp-block-image animated backInDown\">\n<figure class=\"aligncenter size-full is-resized has-custom-border\"><a href=\"https:\/\/aersp.inovarmais.com\/consulta\"><img decoding=\"async\" width=\"280\" height=\"48\" src=\"https:\/\/www.aersp.pt\/portal\/wp-content\/uploads\/2022\/11\/inovar_consulta.png\" alt=\"\" class=\"wp-image-5817\" style=\"border-style:none;border-width:0px;border-radius:0px;width:152px;height:auto\"\/><\/a><\/figure><\/div><\/div>\n\n\n\n<div id=\"wp-block-themeisle-blocks-advanced-column-32b5584d\" class=\"wp-block-themeisle-blocks-advanced-column\"><div class=\"wp-block-image animated backInDown\">\n<figure class=\"aligncenter size-full is-resized\"><a href=\"https:\/\/aersp.inovarmais.com\/inovarsige\/apps\/account\/login\"><img fetchpriority=\"high\" decoding=\"async\" width=\"459\" height=\"149\" src=\"https:\/\/www.aersp.pt\/portal\/wp-content\/uploads\/2026\/03\/inovarSige.jpg\" alt=\"\" class=\"wp-image-10176\" style=\"width:118px;height:auto\" srcset=\"https:\/\/www.aersp.pt\/portal\/wp-content\/uploads\/2026\/03\/inovarSige.jpg 459w, https:\/\/www.aersp.pt\/portal\/wp-content\/uploads\/2026\/03\/inovarSige-300x97.jpg 300w, https:\/\/www.aersp.pt\/portal\/wp-content\/uploads\/2026\/03\/inovarSige-320x104.jpg 320w\" sizes=\"(max-width: 459px) 100vw, 459px\" \/><\/a><\/figure><\/div><\/div>\n\n\n\n<div id=\"wp-block-themeisle-blocks-advanced-column-771be624\" class=\"wp-block-themeisle-blocks-advanced-column\"><div class=\"wp-block-image animated backInDown\">\n<figure class=\"aligncenter size-full is-resized has-custom-border\"><a href=\"https:\/\/aersp.inovarmais.com\/paa\"><img loading=\"lazy\" decoding=\"async\" width=\"412\" height=\"122\" src=\"https:\/\/www.aersp.pt\/portal\/wp-content\/uploads\/2024\/10\/inovarpaa.png\" alt=\"\" class=\"wp-image-8340\" style=\"border-style:none;border-width:0px;border-radius:0px;width:109px;height:auto\" srcset=\"https:\/\/www.aersp.pt\/portal\/wp-content\/uploads\/2024\/10\/inovarpaa.png 412w, https:\/\/www.aersp.pt\/portal\/wp-content\/uploads\/2024\/10\/inovarpaa-300x89.png 300w\" sizes=\"(max-width: 412px) 100vw, 412px\" \/><\/a><\/figure><\/div><\/div>\n\n\n\n<div id=\"wp-block-themeisle-blocks-advanced-column-3e5bd61d\" class=\"wp-block-themeisle-blocks-advanced-column\"><div class=\"wp-block-image animated backInDown\">\n<figure class=\"aligncenter size-large is-resized\"><a href=\"https:\/\/aersp.inovarmais.com\/paa\/\/viewer\/app\/index.html\"><img loading=\"lazy\" decoding=\"async\" width=\"1024\" height=\"789\" src=\"https:\/\/www.aersp.pt\/portal\/wp-content\/uploads\/2026\/02\/calendario-2-1024x789.png\" alt=\"\" class=\"wp-image-10113\" style=\"width:134px;height:auto\" srcset=\"https:\/\/www.aersp.pt\/portal\/wp-content\/uploads\/2026\/02\/calendario-2-1024x789.png 1024w, https:\/\/www.aersp.pt\/portal\/wp-content\/uploads\/2026\/02\/calendario-2-300x231.png 300w, https:\/\/www.aersp.pt\/portal\/wp-content\/uploads\/2026\/02\/calendario-2-768x592.png 768w, https:\/\/www.aersp.pt\/portal\/wp-content\/uploads\/2026\/02\/calendario-2-320x246.png 320w, https:\/\/www.aersp.pt\/portal\/wp-content\/uploads\/2026\/02\/calendario-2-480x370.png 480w, https:\/\/www.aersp.pt\/portal\/wp-content\/uploads\/2026\/02\/calendario-2-800x616.png 800w, https:\/\/www.aersp.pt\/portal\/wp-content\/uploads\/2026\/02\/calendario-2.png 1332w\" sizes=\"(max-width: 1024px) 100vw, 1024px\" \/><\/a><\/figure><\/div><\/div>\n\n\n\n<div id=\"wp-block-themeisle-blocks-advanced-column-ae904f96\" class=\"wp-block-themeisle-blocks-advanced-column\"><div class=\"wp-block-image animated backInDown\">\n<figure class=\"aligncenter size-full is-resized\"><a href=\"https:\/\/siga.edubox.pt\/auth\"><img loading=\"lazy\" decoding=\"async\" width=\"476\" height=\"472\" src=\"https:\/\/www.aersp.pt\/portal\/wp-content\/uploads\/2023\/04\/siga_edubox-1.jpg\" alt=\"\" class=\"wp-image-6291\" style=\"width:71px;height:auto\" srcset=\"https:\/\/www.aersp.pt\/portal\/wp-content\/uploads\/2023\/04\/siga_edubox-1.jpg 476w, https:\/\/www.aersp.pt\/portal\/wp-content\/uploads\/2023\/04\/siga_edubox-1-300x297.jpg 300w, https:\/\/www.aersp.pt\/portal\/wp-content\/uploads\/2023\/04\/siga_edubox-1-150x150.jpg 150w\" sizes=\"(max-width: 476px) 100vw, 476px\" \/><\/a><\/figure><\/div><\/div>\n<\/div><\/div>\n<\/div><\/div><\/div>\n<\/div><\/div>\n<\/div><\/div>\n\n\n\n<div style=\"height:29px\" aria-hidden=\"true\" class=\"wp-block-spacer\"><\/div>\n\n\n\n<div id=\"wp-block-themeisle-blocks-slider-1c4459ae\" class=\"wp-block-themeisle-blocks-slider glide\" data-per-view=\"1\" data-gap=\"0\" data-peek=\"0\" data-autoplay=\"true\" data-height=\"400px\" data-hide-arrows=\"false\"><div class=\"glide__track\" data-glide-el=\"track\"><div class=\"glide__slides\"><div class=\"wp-block-themeisle-blocks-slider-item-wrapper glide__slide\" tabindex=\"0\"><figure><img decoding=\"async\" class=\"wp-block-themeisle-blocks-slider-item\" src=\"https:\/\/www.aersp.pt\/portal\/wp-content\/uploads\/2024\/12\/467477769_573549708365116_5678367322929119457_n.jpg\" alt=\"\" title=\"\" data-id=\"8591\"\/><\/figure><\/div><div class=\"wp-block-themeisle-blocks-slider-item-wrapper glide__slide\" tabindex=\"0\"><figure><img decoding=\"async\" class=\"wp-block-themeisle-blocks-slider-item\" src=\"https:\/\/www.aersp.pt\/portal\/wp-content\/uploads\/2025\/01\/DJI_0066_2-scaled.jpg\" alt=\"\" title=\"\" data-id=\"8629\"\/><\/figure><\/div><div class=\"wp-block-themeisle-blocks-slider-item-wrapper glide__slide\" tabindex=\"0\"><figure><img decoding=\"async\" class=\"wp-block-themeisle-blocks-slider-item\" src=\"https:\/\/www.aersp.pt\/portal\/wp-content\/uploads\/2026\/02\/escola_1_ciclo_2.jpg\" alt=\"\" title=\"\" data-id=\"9911\"\/><\/figure><\/div><div class=\"wp-block-themeisle-blocks-slider-item-wrapper glide__slide\" tabindex=\"0\"><figure><img decoding=\"async\" class=\"wp-block-themeisle-blocks-slider-item\" src=\"https:\/\/www.aersp.pt\/portal\/wp-content\/uploads\/2026\/02\/escola_1_ciclo.jpg\" alt=\"\" title=\"\" data-id=\"9912\"\/><\/figure><\/div><\/div><div class=\"glide__bullets\" data-glide-el=\"controls[nav]\"><button class=\"glide__bullet\" data-glide-dir=\"=0\"><\/button><button class=\"glide__bullet\" data-glide-dir=\"=1\"><\/button><button class=\"glide__bullet\" data-glide-dir=\"=2\"><\/button><button class=\"glide__bullet\" data-glide-dir=\"=3\"><\/button><\/div><\/div><\/div>\n\n\n\n<div style=\"height:143px\" aria-hidden=\"true\" class=\"wp-block-spacer\"><\/div>\n\n\n\n<h4 class=\"wp-block-heading has-text-align-left\"><strong><span class=\"stk-highlight\" style=\"color: #000000;\">Agrupamento de Escolas Ribeiro Sanches &#8211; Penamacor<\/span><\/strong><\/h4>\n\n\n\n<div class=\"wp-block-stackable-image stk-block-image stk-block stk-a9213eb\" data-block-id=\"a9213eb\"><style>.stk-a9213eb {margin-bottom:0px !important;}.stk-a9213eb .stk-img-wrapper{width:80% !important;--stk-gradient-overlay:0.3 !important;}.stk-a9213eb .stk-img-wrapper img{transform:scale(0.97) !important;border-radius:24px !important;object-position:50% 49% !important;object-fit:cover !important;}<\/style><figure><span class=\"stk-img-wrapper stk-image--shape-stretch\"><img loading=\"lazy\" decoding=\"async\" class=\"stk-img wp-image-253\" src=\"https:\/\/www.aersp.pt\/portal\/wp-content\/uploads\/2017\/12\/cropped-agribeirosanches_logo.jpg\" width=\"1060\" height=\"260\" srcset=\"https:\/\/www.aersp.pt\/portal\/wp-content\/uploads\/2017\/12\/cropped-agribeirosanches_logo.jpg 1060w, https:\/\/www.aersp.pt\/portal\/wp-content\/uploads\/2017\/12\/cropped-agribeirosanches_logo-300x74.jpg 300w, https:\/\/www.aersp.pt\/portal\/wp-content\/uploads\/2017\/12\/cropped-agribeirosanches_logo-768x188.jpg 768w, https:\/\/www.aersp.pt\/portal\/wp-content\/uploads\/2017\/12\/cropped-agribeirosanches_logo-1024x251.jpg 1024w\" sizes=\"(max-width: 1060px) 100vw, 1060px\" \/><\/span><\/figure><\/div>\n\n\n\n<p><strong>MISS\u00c3O<\/strong><\/p>\n\n\n\n<p><strong>Forjar o Futuro, dar Voz a Todos<\/strong>&nbsp;\u00e9 o lema da diretora e, sem descurar as atribui\u00e7\u00f5es que lhe s\u00e3o legalmente atribu\u00eddas, deve ser capaz de identificar e potenciar as capacidades de todos, mobilizando-os para a forma\u00e7\u00e3o dos alunos nas diversas dimens\u00f5es, pessoal, social e acad\u00e9mica. A fun\u00e7\u00e3o de ensinar e a de aprender deve desenvolver-se num ambiente harmonioso e impulsionador do desenvolvimento acad\u00e9mico, pessoal e social do aluno, com vista \u00e0 forma\u00e7\u00e3o de cidad\u00e3os de plenos direitos, ativos e respons\u00e1veis.&nbsp;<\/p>\n\n\n\n<p>Os profissionais da educa\u00e7\u00e3o assumem um papel central e fundamental no cumprimento desta miss\u00e3o, pelo que tamb\u00e9m \u00e9 necess\u00e1rio fomentar o seu desenvolvimento profissional e proporcionar-lhe condi\u00e7\u00f5es de trabalho adequadas e facilitadoras do seu exerc\u00edcio profissional. \u00c0 Diretora exige-se um conhecimento das m\u00faltiplas realidades que comp\u00f5em este sistema complexo e uma aten\u00e7\u00e3o e a\u00e7\u00e3o rigorosa quer em termos do tempo presente, quer fundamentalmente, de tempos futuros. No entanto, a prossecu\u00e7\u00e3o do sucesso educativo exige o esfor\u00e7o conjunto de alunos, professores, pais e encarregados de educa\u00e7\u00e3o, pessoal n\u00e3o docente e restante comunidade escolar.<\/p>\n\n\n\n<p>A colabora\u00e7\u00e3o de Todos os diferentes intervenientes \u00e9 fulcral, pois, s\u00f3 assim se retirar\u00e3o as respetivas ila\u00e7\u00f5es. \u00c9 imprescind\u00edvel que no dom\u00ednio de a\u00e7\u00e3o de cada um (docentes, discentes, pessoal n\u00e3o docente e tutela), Todos participem ativa, criativa e criticamente. Deseja-se contribuir para uma solu\u00e7\u00e3o equilibrada, aglutinadora e de sucesso, ou seja, provocando e promovendo a ausculta\u00e7\u00e3o e o di\u00e1logo fecundo que permitam a identifica\u00e7\u00e3o de problemas, mas, tamb\u00e9m, de sugest\u00f5es de melhoria ou propostas para a sua resolu\u00e7\u00e3o. Estamos num tempo novo, de quebrar barreiras! De adotar uma postura flex\u00edvel, de colabora\u00e7\u00e3o, interna e externa.&nbsp;<\/p>\n\n\n\n<div style=\"height:102px\" aria-hidden=\"true\" class=\"wp-block-spacer\"><\/div>\n\n\n\n<h2 class=\"wp-block-heading\"><strong>\u00daltimas Not\u00edcias<\/strong><\/h2>\n\n\n\n\t\t\t<div data-aos= \"fade-up\" data-aos-duration=\"400\" data-aos-delay=\"0\" data-aos-easing=\"ease\" data-aos-once=\"true\" class=\"wp-block-uagb-post-carousel uagb-post-grid  uagb-post__image-position-top uagb-post__image-enabled uagb-block-9a3ffe1b     uagb-post__arrow-outside uagb-slick-carousel uagb-post__items uagb-post__columns-4 is-carousel uagb-post__columns-tablet-2 uagb-post__columns-mobile-1\" data-total=\"25\" style=\"\">\n\n\t\t\t\t\t\t\t\t\t\t\t\t<article class=\"uagb-post__inner-wrap\">\t\t\t\t\t\t\t\t<div class='uagb-post__image'>\n\t\t\t\t\t\t\t\t\t<a href=\"https:\/\/www.aersp.pt\/portal\/2026\/04\/21\/cartas-publicadas-no-sic-explica-me-chegaram-ao-presidente-da-republica\/\" target=\"_self\" rel=\"bookmark noopener noreferrer\"><img loading=\"lazy\" decoding=\"async\" width=\"720\" height=\"540\" src=\"https:\/\/www.aersp.pt\/portal\/wp-content\/uploads\/2026\/04\/Sic-Explica-me.png\" class=\"attachment-large size-large\" alt=\"\" srcset=\"https:\/\/www.aersp.pt\/portal\/wp-content\/uploads\/2026\/04\/Sic-Explica-me.png 720w, https:\/\/www.aersp.pt\/portal\/wp-content\/uploads\/2026\/04\/Sic-Explica-me-300x225.png 300w, https:\/\/www.aersp.pt\/portal\/wp-content\/uploads\/2026\/04\/Sic-Explica-me-320x240.png 320w, https:\/\/www.aersp.pt\/portal\/wp-content\/uploads\/2026\/04\/Sic-Explica-me-480x360.png 480w\" sizes=\"(max-width: 720px) 100vw, 720px\" \/>\t\t\t\t\t<\/a>\n\t\t\t\t\t\t\t\t\t<\/div>\n\t\t\t\t\t\t<h4 class=\"uagb-post__title uagb-post__text\">\n\t\t\t\t<a href=\"https:\/\/www.aersp.pt\/portal\/2026\/04\/21\/cartas-publicadas-no-sic-explica-me-chegaram-ao-presidente-da-republica\/\" target=\"_self\" rel=\"bookmark noopener noreferrer\">Cartas publicadas no SIC Explica-me chegaram ao Presidente da Rep\u00fablica<\/a>\n\t\t\t<\/h4>\n\t\t\t\t\t\t\t<div class='uagb-post__text uagb-post__excerpt'>\n\t\t\t\t\t<p>Ainda ningu\u00e9m sabia quem ia ser o novo Presidente da&#8230;\t\t\t\t<\/div>\n\t\t\t\t\t\t<div class=\"uagb-post__text uagb-post__cta wp-block-button\">\n\t\t\t\t<a class=\"wp-block-button__link uagb-text-link\" style=\"\" href=\"https:\/\/www.aersp.pt\/portal\/2026\/04\/21\/cartas-publicadas-no-sic-explica-me-chegaram-ao-presidente-da-republica\/\" target=\"_self\" rel=\"bookmark noopener noreferrer\">Ver Mais<\/a>\n\t\t\t<\/div>\n\t\t\t\n\t\t\t\t\t\t\t\t\t<\/article>\n\t\t\t\t\t\t\t\t\t\t\t\t\t\t\t\t<article class=\"uagb-post__inner-wrap\">\t\t\t\t\t\t\t\t<div class='uagb-post__image'>\n\t\t\t\t\t\t\t\t\t<a href=\"https:\/\/www.aersp.pt\/portal\/2026\/03\/17\/torneio-de-xadrez-2\/\" target=\"_self\" rel=\"bookmark noopener noreferrer\"><img loading=\"lazy\" decoding=\"async\" width=\"843\" height=\"632\" src=\"https:\/\/www.aersp.pt\/portal\/wp-content\/uploads\/2026\/03\/6-1024x768.jpg\" class=\"attachment-large size-large\" alt=\"\" srcset=\"https:\/\/www.aersp.pt\/portal\/wp-content\/uploads\/2026\/03\/6-1024x768.jpg 1024w, https:\/\/www.aersp.pt\/portal\/wp-content\/uploads\/2026\/03\/6-300x225.jpg 300w, https:\/\/www.aersp.pt\/portal\/wp-content\/uploads\/2026\/03\/6-768x576.jpg 768w, https:\/\/www.aersp.pt\/portal\/wp-content\/uploads\/2026\/03\/6-1536x1152.jpg 1536w, https:\/\/www.aersp.pt\/portal\/wp-content\/uploads\/2026\/03\/6-2048x1536.jpg 2048w, https:\/\/www.aersp.pt\/portal\/wp-content\/uploads\/2026\/03\/6-320x240.jpg 320w, https:\/\/www.aersp.pt\/portal\/wp-content\/uploads\/2026\/03\/6-480x360.jpg 480w, https:\/\/www.aersp.pt\/portal\/wp-content\/uploads\/2026\/03\/6-800x600.jpg 800w\" sizes=\"(max-width: 843px) 100vw, 843px\" \/>\t\t\t\t\t<\/a>\n\t\t\t\t\t\t\t\t\t<\/div>\n\t\t\t\t\t\t<h4 class=\"uagb-post__title uagb-post__text\">\n\t\t\t\t<a href=\"https:\/\/www.aersp.pt\/portal\/2026\/03\/17\/torneio-de-xadrez-2\/\" target=\"_self\" rel=\"bookmark noopener noreferrer\">Torneio de Xadrez<\/a>\n\t\t\t<\/h4>\n\t\t\t\t\t\t\t<div class='uagb-post__text uagb-post__excerpt'>\n\t\t\t\t\t<p>No passado dia 12 de mar\u00e7o, realizou-se o segundo torneio&#8230;\t\t\t\t<\/div>\n\t\t\t\t\t\t<div class=\"uagb-post__text uagb-post__cta wp-block-button\">\n\t\t\t\t<a class=\"wp-block-button__link uagb-text-link\" style=\"\" href=\"https:\/\/www.aersp.pt\/portal\/2026\/03\/17\/torneio-de-xadrez-2\/\" target=\"_self\" rel=\"bookmark noopener noreferrer\">Ver Mais<\/a>\n\t\t\t<\/div>\n\t\t\t\n\t\t\t\t\t\t\t\t\t<\/article>\n\t\t\t\t\t\t\t\t\t\t\t\t\t\t\t\t<article class=\"uagb-post__inner-wrap\">\t\t\t\t\t\t\t\t<div class='uagb-post__image'>\n\t\t\t\t\t\t\t\t\t<a href=\"https:\/\/www.aersp.pt\/portal\/2026\/03\/16\/boccia-campeonato-distrital\/\" target=\"_self\" rel=\"bookmark noopener noreferrer\"><img loading=\"lazy\" decoding=\"async\" width=\"843\" height=\"562\" src=\"https:\/\/www.aersp.pt\/portal\/wp-content\/uploads\/2026\/03\/campeonatodistritaldeboccia__2__1_2500_2500-1024x683.jpg\" class=\"attachment-large size-large\" alt=\"\" srcset=\"https:\/\/www.aersp.pt\/portal\/wp-content\/uploads\/2026\/03\/campeonatodistritaldeboccia__2__1_2500_2500-1024x683.jpg 1024w, https:\/\/www.aersp.pt\/portal\/wp-content\/uploads\/2026\/03\/campeonatodistritaldeboccia__2__1_2500_2500-300x200.jpg 300w, https:\/\/www.aersp.pt\/portal\/wp-content\/uploads\/2026\/03\/campeonatodistritaldeboccia__2__1_2500_2500-768x512.jpg 768w, https:\/\/www.aersp.pt\/portal\/wp-content\/uploads\/2026\/03\/campeonatodistritaldeboccia__2__1_2500_2500-1536x1024.jpg 1536w, https:\/\/www.aersp.pt\/portal\/wp-content\/uploads\/2026\/03\/campeonatodistritaldeboccia__2__1_2500_2500-2048x1365.jpg 2048w, https:\/\/www.aersp.pt\/portal\/wp-content\/uploads\/2026\/03\/campeonatodistritaldeboccia__2__1_2500_2500-320x213.jpg 320w, https:\/\/www.aersp.pt\/portal\/wp-content\/uploads\/2026\/03\/campeonatodistritaldeboccia__2__1_2500_2500-480x320.jpg 480w, https:\/\/www.aersp.pt\/portal\/wp-content\/uploads\/2026\/03\/campeonatodistritaldeboccia__2__1_2500_2500-800x533.jpg 800w\" sizes=\"(max-width: 843px) 100vw, 843px\" \/>\t\t\t\t\t<\/a>\n\t\t\t\t\t\t\t\t\t<\/div>\n\t\t\t\t\t\t<h4 class=\"uagb-post__title uagb-post__text\">\n\t\t\t\t<a href=\"https:\/\/www.aersp.pt\/portal\/2026\/03\/16\/boccia-campeonato-distrital\/\" target=\"_self\" rel=\"bookmark noopener noreferrer\">Boccia &#8211; Campeonato Distrital &#8211;<\/a>\n\t\t\t<\/h4>\n\t\t\t\t\t\t\t<div class='uagb-post__text uagb-post__excerpt'>\n\t\t\t\t\t<p>O Agrupamento de Escolar Ribeiro Sanches (AERS) recebeu dia 13&#8230;\t\t\t\t<\/div>\n\t\t\t\t\t\t<div class=\"uagb-post__text uagb-post__cta wp-block-button\">\n\t\t\t\t<a class=\"wp-block-button__link uagb-text-link\" style=\"\" href=\"https:\/\/www.aersp.pt\/portal\/2026\/03\/16\/boccia-campeonato-distrital\/\" target=\"_self\" rel=\"bookmark noopener noreferrer\">Ver Mais<\/a>\n\t\t\t<\/div>\n\t\t\t\n\t\t\t\t\t\t\t\t\t<\/article>\n\t\t\t\t\t\t\t\t\t\t\t\t\t\t\t\t<article class=\"uagb-post__inner-wrap\">\t\t\t\t\t\t\t\t<div class='uagb-post__image'>\n\t\t\t\t\t\t\t\t\t<a href=\"https:\/\/www.aersp.pt\/portal\/2026\/03\/16\/dia-do-patrono-2026\/\" target=\"_self\" rel=\"bookmark noopener noreferrer\"><img loading=\"lazy\" decoding=\"async\" width=\"843\" height=\"562\" src=\"https:\/\/www.aersp.pt\/portal\/wp-content\/uploads\/2026\/03\/diadopatrono_aers__1__1_2500_2500-1024x683.jpg\" class=\"attachment-large size-large\" alt=\"\" srcset=\"https:\/\/www.aersp.pt\/portal\/wp-content\/uploads\/2026\/03\/diadopatrono_aers__1__1_2500_2500-1024x683.jpg 1024w, https:\/\/www.aersp.pt\/portal\/wp-content\/uploads\/2026\/03\/diadopatrono_aers__1__1_2500_2500-300x200.jpg 300w, https:\/\/www.aersp.pt\/portal\/wp-content\/uploads\/2026\/03\/diadopatrono_aers__1__1_2500_2500-768x512.jpg 768w, https:\/\/www.aersp.pt\/portal\/wp-content\/uploads\/2026\/03\/diadopatrono_aers__1__1_2500_2500-1536x1024.jpg 1536w, https:\/\/www.aersp.pt\/portal\/wp-content\/uploads\/2026\/03\/diadopatrono_aers__1__1_2500_2500-2048x1365.jpg 2048w, https:\/\/www.aersp.pt\/portal\/wp-content\/uploads\/2026\/03\/diadopatrono_aers__1__1_2500_2500-320x213.jpg 320w, https:\/\/www.aersp.pt\/portal\/wp-content\/uploads\/2026\/03\/diadopatrono_aers__1__1_2500_2500-480x320.jpg 480w, https:\/\/www.aersp.pt\/portal\/wp-content\/uploads\/2026\/03\/diadopatrono_aers__1__1_2500_2500-800x533.jpg 800w\" sizes=\"(max-width: 843px) 100vw, 843px\" \/>\t\t\t\t\t<\/a>\n\t\t\t\t\t\t\t\t\t<\/div>\n\t\t\t\t\t\t<h4 class=\"uagb-post__title uagb-post__text\">\n\t\t\t\t<a href=\"https:\/\/www.aersp.pt\/portal\/2026\/03\/16\/dia-do-patrono-2026\/\" target=\"_self\" rel=\"bookmark noopener noreferrer\">Dia do Patrono &#8211; 2026<\/a>\n\t\t\t<\/h4>\n\t\t\t\t\t\t\t<div class='uagb-post__text uagb-post__excerpt'>\n\t\t\t\t\t<p>O Agrupamento de Escolas Ribeiro Sanches (AERS) assinalou o Dia&#8230;\t\t\t\t<\/div>\n\t\t\t\t\t\t<div class=\"uagb-post__text uagb-post__cta wp-block-button\">\n\t\t\t\t<a class=\"wp-block-button__link uagb-text-link\" style=\"\" href=\"https:\/\/www.aersp.pt\/portal\/2026\/03\/16\/dia-do-patrono-2026\/\" target=\"_self\" rel=\"bookmark noopener noreferrer\">Ver Mais<\/a>\n\t\t\t<\/div>\n\t\t\t\n\t\t\t\t\t\t\t\t\t<\/article>\n\t\t\t\t\t\t\t\t\t\t\t\t\t\t\t\t<article class=\"uagb-post__inner-wrap\">\t\t\t\t\t\t\t\t<div class='uagb-post__image'>\n\t\t\t\t\t\t\t\t\t<a href=\"https:\/\/www.aersp.pt\/portal\/2026\/03\/04\/visita-a-casa-museu-fernando-pessoa\/\" target=\"_self\" rel=\"bookmark noopener noreferrer\"><img loading=\"lazy\" decoding=\"async\" width=\"576\" height=\"1024\" src=\"https:\/\/www.aersp.pt\/portal\/wp-content\/uploads\/2026\/03\/IMG-20260227-WA0097-576x1024.jpg\" class=\"attachment-large size-large\" alt=\"\" srcset=\"https:\/\/www.aersp.pt\/portal\/wp-content\/uploads\/2026\/03\/IMG-20260227-WA0097-576x1024.jpg 576w, https:\/\/www.aersp.pt\/portal\/wp-content\/uploads\/2026\/03\/IMG-20260227-WA0097-169x300.jpg 169w, https:\/\/www.aersp.pt\/portal\/wp-content\/uploads\/2026\/03\/IMG-20260227-WA0097-768x1366.jpg 768w, https:\/\/www.aersp.pt\/portal\/wp-content\/uploads\/2026\/03\/IMG-20260227-WA0097-864x1536.jpg 864w, https:\/\/www.aersp.pt\/portal\/wp-content\/uploads\/2026\/03\/IMG-20260227-WA0097-1152x2048.jpg 1152w, https:\/\/www.aersp.pt\/portal\/wp-content\/uploads\/2026\/03\/IMG-20260227-WA0097-320x569.jpg 320w, https:\/\/www.aersp.pt\/portal\/wp-content\/uploads\/2026\/03\/IMG-20260227-WA0097-480x854.jpg 480w, https:\/\/www.aersp.pt\/portal\/wp-content\/uploads\/2026\/03\/IMG-20260227-WA0097-800x1423.jpg 800w, https:\/\/www.aersp.pt\/portal\/wp-content\/uploads\/2026\/03\/IMG-20260227-WA0097-scaled.jpg 1440w\" sizes=\"(max-width: 576px) 100vw, 576px\" \/>\t\t\t\t\t<\/a>\n\t\t\t\t\t\t\t\t\t<\/div>\n\t\t\t\t\t\t<h4 class=\"uagb-post__title uagb-post__text\">\n\t\t\t\t<a href=\"https:\/\/www.aersp.pt\/portal\/2026\/03\/04\/visita-a-casa-museu-fernando-pessoa\/\" target=\"_self\" rel=\"bookmark noopener noreferrer\">Visita \u00e0 Casa Museu Fernando Pessoa<\/a>\n\t\t\t<\/h4>\n\t\t\t\t\t\t\t<div class='uagb-post__text uagb-post__excerpt'>\n\t\t\t\t\t<p>No passado dia 26 de fevereiro, os alunos do 12.\u00ba&#8230;\t\t\t\t<\/div>\n\t\t\t\t\t\t<div class=\"uagb-post__text uagb-post__cta wp-block-button\">\n\t\t\t\t<a class=\"wp-block-button__link uagb-text-link\" style=\"\" href=\"https:\/\/www.aersp.pt\/portal\/2026\/03\/04\/visita-a-casa-museu-fernando-pessoa\/\" target=\"_self\" rel=\"bookmark noopener noreferrer\">Ver Mais<\/a>\n\t\t\t<\/div>\n\t\t\t\n\t\t\t\t\t\t\t\t\t<\/article>\n\t\t\t\t\t\t\t\t\t\t\t<\/div>\n\t\t\t\n\n\n<div style=\"height:20px\" aria-hidden=\"true\" class=\"wp-block-spacer\"><\/div>\n\n\n<div class=\"wp-block-image\">\n<figure class=\"aligncenter size-full\"><img loading=\"lazy\" decoding=\"async\" width=\"720\" height=\"83\" src=\"https:\/\/www.aersp.pt\/portal\/wp-content\/uploads\/2026\/02\/logo-pessoas2030.jpg\" alt=\"\" class=\"wp-image-9925\" srcset=\"https:\/\/www.aersp.pt\/portal\/wp-content\/uploads\/2026\/02\/logo-pessoas2030.jpg 720w, https:\/\/www.aersp.pt\/portal\/wp-content\/uploads\/2026\/02\/logo-pessoas2030-300x35.jpg 300w, https:\/\/www.aersp.pt\/portal\/wp-content\/uploads\/2026\/02\/logo-pessoas2030-320x37.jpg 320w, https:\/\/www.aersp.pt\/portal\/wp-content\/uploads\/2026\/02\/logo-pessoas2030-480x55.jpg 480w\" sizes=\"(max-width: 720px) 100vw, 720px\" \/><\/figure><\/div>\n\n<div class=\"wp-block-image\">\n<figure class=\"aligncenter size-large is-resized\"><a href=\"https:\/\/agse.pt\/\"><img loading=\"lazy\" decoding=\"async\" width=\"1024\" height=\"341\" src=\"https:\/\/www.aersp.pt\/portal\/wp-content\/uploads\/2026\/03\/Versoes_Logo-AGSE_rgb_versao-principal-cores-A-1024x341.jpg\" alt=\"\" class=\"wp-image-10178\" style=\"width:267px;height:auto\" srcset=\"https:\/\/www.aersp.pt\/portal\/wp-content\/uploads\/2026\/03\/Versoes_Logo-AGSE_rgb_versao-principal-cores-A-1024x341.jpg 1024w, https:\/\/www.aersp.pt\/portal\/wp-content\/uploads\/2026\/03\/Versoes_Logo-AGSE_rgb_versao-principal-cores-A-300x100.jpg 300w, https:\/\/www.aersp.pt\/portal\/wp-content\/uploads\/2026\/03\/Versoes_Logo-AGSE_rgb_versao-principal-cores-A-768x256.jpg 768w, https:\/\/www.aersp.pt\/portal\/wp-content\/uploads\/2026\/03\/Versoes_Logo-AGSE_rgb_versao-principal-cores-A-320x107.jpg 320w, https:\/\/www.aersp.pt\/portal\/wp-content\/uploads\/2026\/03\/Versoes_Logo-AGSE_rgb_versao-principal-cores-A-480x160.jpg 480w, https:\/\/www.aersp.pt\/portal\/wp-content\/uploads\/2026\/03\/Versoes_Logo-AGSE_rgb_versao-principal-cores-A-800x266.jpg 800w, https:\/\/www.aersp.pt\/portal\/wp-content\/uploads\/2026\/03\/Versoes_Logo-AGSE_rgb_versao-principal-cores-A.jpg 1063w\" sizes=\"(max-width: 1024px) 100vw, 1024px\" \/><\/a><\/figure><\/div>","protected":false},"excerpt":{"rendered":"<p>Agrupamento de Escolas Ribeiro Sanches &#8211; Penamacor MISS\u00c3O Forjar o Futuro, dar Voz a Todos&nbsp;\u00e9 o lema da diretora e, sem descurar as atribui\u00e7\u00f5es que&hellip;<\/p>\n","protected":false},"author":1,"featured_media":0,"parent":0,"menu_order":0,"comment_status":"closed","ping_status":"closed","template":"","meta":{"_uag_custom_page_level_css":"","_themeisle_gutenberg_block_has_review":false,"footnotes":""},"class_list":["post-8671","page","type-page","status-publish","hentry"],"uagb_featured_image_src":{"full":false,"thumbnail":false,"medium":false,"medium_large":false,"large":false,"1536x1536":false,"2048x2048":false,"320w":false,"480w":false,"800w":false},"uagb_author_info":{"display_name":"admin","author_link":"https:\/\/www.aersp.pt\/portal\/author\/admin\/"},"uagb_comment_info":0,"uagb_excerpt":"Agrupamento de Escolas Ribeiro Sanches &#8211; Penamacor MISS\u00c3O Forjar o Futuro, dar Voz a Todos&nbsp;\u00e9 o lema da diretora e, sem descurar as atribui\u00e7\u00f5es que&hellip;","_links":{"self":[{"href":"https:\/\/www.aersp.pt\/portal\/wp-json\/wp\/v2\/pages\/8671","targetHints":{"allow":["GET"]}}],"collection":[{"href":"https:\/\/www.aersp.pt\/portal\/wp-json\/wp\/v2\/pages"}],"about":[{"href":"https:\/\/www.aersp.pt\/portal\/wp-json\/wp\/v2\/types\/page"}],"author":[{"embeddable":true,"href":"https:\/\/www.aersp.pt\/portal\/wp-json\/wp\/v2\/users\/1"}],"replies":[{"embeddable":true,"href":"https:\/\/www.aersp.pt\/portal\/wp-json\/wp\/v2\/comments?post=8671"}],"version-history":[{"count":85,"href":"https:\/\/www.aersp.pt\/portal\/wp-json\/wp\/v2\/pages\/8671\/revisions"}],"predecessor-version":[{"id":10179,"href":"https:\/\/www.aersp.pt\/portal\/wp-json\/wp\/v2\/pages\/8671\/revisions\/10179"}],"wp:attachment":[{"href":"https:\/\/www.aersp.pt\/portal\/wp-json\/wp\/v2\/media?parent=8671"}],"curies":[{"name":"wp","href":"https:\/\/api.w.org\/{rel}","templated":true}]}}